{"id":4548,"date":"2023-08-12T06:18:41","date_gmt":"2023-08-12T06:18:41","guid":{"rendered":"https:\/\/www.contactturkiye.com\/ihtiyaclariniza-en-uygun-cozum-uretelim\/"},"modified":"2024-12-16T07:04:13","modified_gmt":"2024-12-16T07:04:13","slug":"ihtiyaclariniza-en-uygun-cozum-uretelim","status":"publish","type":"page","link":"https:\/\/www.contactturkiye.com\/en\/ihtiyaclariniza-en-uygun-cozum-uretelim\/","title":{"rendered":"\u0130htiya\u00e7lar\u0131n\u0131za En Uygun \u00c7\u00f6z\u00fcm \u00dcretelim"},"content":{"rendered":"\t\t<div data-elementor-type=\"wp-page\" data-elementor-id=\"4548\" class=\"elementor elementor-4548 elementor-1072\">\n\t\t\t\t\t\t<section class=\"elementor-section elementor-top-section elementor-element elementor-element-22c57465 services-details-area elementor-section-boxed elementor-section-height-default elementor-section-height-default\" data-id=\"22c57465\" data-element_type=\"section\" data-e-type=\"section\">\n\t\t\t\t\t\t<div class=\"elementor-container elementor-column-gap-no\">\n\t\t\t\t\t<div class=\"elementor-column elementor-col-50 elementor-top-column elementor-element elementor-element-21f538bd services-sidebar\" data-id=\"21f538bd\" data-element_type=\"column\" data-e-type=\"column\">\n\t\t\t<div class=\"elementor-widget-wrap elementor-element-populated\">\n\t\t\t\t\t\t<div class=\"elementor-element elementor-element-28ed781c elementor-widget elementor-widget-consua_service_navmenu\" data-id=\"28ed781c\" data-element_type=\"widget\" data-e-type=\"widget\" data-widget_type=\"consua_service_navmenu.default\">\n\t\t\t\t<div class=\"elementor-widget-container\">\n\t\t\t\t\t\r\n    <!-- Start Service Navmenu \r\n    ============================================= -->\r\n    <div class=\"single-widget services-list-widget\">\r\n        <h4 class=\"widget-title\">Size \u00d6zel Hizmetlerimiz<\/h4>\r\n        <div class=\"content\">\r\n            \t\t            <div class=\"menu-service-sidebar-menu-container\"><ul id=\"menu-service-sidebar-menu\" class=\"menu\"><li id=\"menu-item-3055\" class=\"menu-item menu-item-type-post_type menu-item-object-page menu-item-3055\"><a href=\"https:\/\/www.contactturkiye.com\/urununuzu-satin-alalim\/\">Sell your product to us&#8230;..<\/a><\/li>\n<li id=\"menu-item-1933\" class=\"menu-item menu-item-type-post_type menu-item-object-page menu-item-1933\"><a href=\"https:\/\/www.contactturkiye.com\/urununuzu-kendi-markamizla-satalim\/\">\u00dcr\u00fcn\u00fcn\u00fcz\u00fc Kendi Markam\u0131zla Satal\u0131m<\/a><\/li>\n<li id=\"menu-item-1934\" class=\"menu-item menu-item-type-post_type menu-item-object-page menu-item-1934\"><a href=\"https:\/\/www.contactturkiye.com\/distributorunuz-olalim\/\">Distrib\u00fct\u00f6r\u00fcn\u00fcz Olal\u0131m<\/a><\/li>\n<li id=\"menu-item-1935\" class=\"menu-item menu-item-type-post_type menu-item-object-page menu-item-1935\"><a href=\"https:\/\/www.contactturkiye.com\/yerel-ortak-bulalim\/\">Yerel Ortak Bulal\u0131m<\/a><\/li>\n<li id=\"menu-item-1936\" class=\"menu-item menu-item-type-post_type menu-item-object-page menu-item-1936\"><a href=\"https:\/\/www.contactturkiye.com\/bilgilerinizi-veri-tabanimiza-ekleyelim\/\">Bilgilerinizi Veri Taban\u0131m\u0131za Ekleyelim<\/a><\/li>\n<\/ul><\/div>\t\t            <\/div>\r\n    <\/div>\r\n    <!-- End Service Navmenu \r\n    ============================================= -->\r\n\r\n    \t\t\t\t<\/div>\n\t\t\t\t<\/div>\n\t\t\t\t<div class=\"elementor-element elementor-element-03c5e56 elementor-hidden-tablet elementor-hidden-mobile elementor-widget elementor-widget-consua_service_cta\" data-id=\"03c5e56\" data-element_type=\"widget\" data-e-type=\"widget\" data-widget_type=\"consua_service_cta.default\">\n\t\t\t\t<div class=\"elementor-widget-container\">\n\t\t\t\t\t    <!-- Start Service CTA\r\n    ============================================= -->\r\n    <div class=\"single-widget bg-dark quick-contact-widget text-light\" style=\"background-image: url(https:\/\/validthemes.net\/themeforest\/wp\/consua\/wp-content\/uploads\/2023\/09\/15.png);\">\r\n        <div class=\"content\">\r\n            <h3>Yard\u0131ma m\u0131 ihtiyac\u0131n\u0131z var?<\/h3>\r\n            <p>\r\n              Size Nas\u0131l Yard\u0131mc\u0131 Olabiliriz. \u0130ster Form Doldur \u0130ster Ara . Her Zaman Bize Ula\u015fabilirisiniz\n\n            <\/p>\r\n            <h3>+90 216 706 18 39<\/h3>            <h2><a href=\"mailto:info@contactturkiye.com\">info@contactturkiye.com<\/a><\/h2>                        \t<a class=\"btn mt-30 circle btn-sm btn-gradient\" href=\"https:\/\/www.contactturkiye.com\/iletisim\/\">Bizimle \u0130leti\u015fime Ge\u00e7<\/a>\r\n        \t        <\/div>\r\n    <\/div>\r\n    <!-- End Service CTA -->\r\n\t\t\t\t\t<\/div>\n\t\t\t\t<\/div>\n\t\t\t\t\t<\/div>\n\t\t<\/div>\n\t\t\t\t<div class=\"elementor-column elementor-col-50 elementor-top-column elementor-element elementor-element-39f5b7dc\" data-id=\"39f5b7dc\" data-element_type=\"column\" data-e-type=\"column\">\n\t\t\t<div class=\"elementor-widget-wrap elementor-element-populated\">\n\t\t\t\t\t\t<div class=\"elementor-element elementor-element-78918244 elementor-widget elementor-widget-image\" data-id=\"78918244\" data-element_type=\"widget\" data-e-type=\"widget\" data-widget_type=\"image.default\">\n\t\t\t\t<div class=\"elementor-widget-container\">\n\t\t\t\t\t\t\t\t\t\t\t\t\t\t\t<img fetchpriority=\"high\" decoding=\"async\" width=\"1920\" height=\"1280\" src=\"https:\/\/www.contactturkiye.com\/wp-content\/uploads\/2023\/09\/service-4.jpg\" class=\"attachment-full size-full wp-image-4412\" alt=\"\" srcset=\"https:\/\/www.contactturkiye.com\/wp-content\/uploads\/2023\/09\/service-4.jpg 1920w, https:\/\/www.contactturkiye.com\/wp-content\/uploads\/2023\/09\/service-4-600x400.jpg 600w, https:\/\/www.contactturkiye.com\/wp-content\/uploads\/2023\/09\/service-4-300x200.jpg 300w, https:\/\/www.contactturkiye.com\/wp-content\/uploads\/2023\/09\/service-4-1024x683.jpg 1024w, https:\/\/www.contactturkiye.com\/wp-content\/uploads\/2023\/09\/service-4-768x512.jpg 768w, https:\/\/www.contactturkiye.com\/wp-content\/uploads\/2023\/09\/service-4-1536x1024.jpg 1536w\" sizes=\"(max-width: 1920px) 100vw, 1920px\" \/>\t\t\t\t\t\t\t\t\t\t\t\t\t\t\t<\/div>\n\t\t\t\t<\/div>\n\t\t\t\t<div class=\"elementor-element elementor-element-2ce7d17 elementor-widget elementor-widget-heading\" data-id=\"2ce7d17\" data-element_type=\"widget\" data-e-type=\"widget\" data-widget_type=\"heading.default\">\n\t\t\t\t<div class=\"elementor-widget-container\">\n\t\t\t\t\t<h2 class=\"elementor-heading-title elementor-size-default\">\u00dcr\u00fcn veya hizmetinizi sat\u0131n alarak, belirlenen hedef pazarlarda sat\u0131\u015f\u0131n\u0131 ger\u00e7ekle\u015ftirebiliriz. <\/h2>\t\t\t\t<\/div>\n\t\t\t\t<\/div>\n\t\t\t\t<div class=\"elementor-element elementor-element-47b272b elementor-widget elementor-widget-text-editor\" data-id=\"47b272b\" data-element_type=\"widget\" data-e-type=\"widget\" data-widget_type=\"text-editor.default\">\n\t\t\t\t<div class=\"elementor-widget-container\">\n\t\t\t\t\t\t\t\t\t<p>\u0130\u015f d\u00fcnyas\u0131nda rekabetin her ge\u00e7en g\u00fcn daha da yo\u011funla\u015ft\u0131\u011f\u0131 bu d\u00f6nemde, \u00fcr\u00fcn ya da hizmetlerinizi k\u00fcresel pazarlara a\u00e7mak, i\u015finizin b\u00fcy\u00fcmesi i\u00e7in b\u00fcy\u00fck bir f\u0131rsat yarat\u0131r. Biz, sizin ad\u0131n\u0131za bu s\u00fcreci kolayla\u015ft\u0131rmak i\u00e7in buraday\u0131z. \u00dcr\u00fcn\u00fcn\u00fcz\u00fc ya da hizmetinizi sat\u0131n alarak, belirledi\u011fimiz stratejik hedef pazarlar do\u011frultusunda en etkili sat\u0131\u015f kanallar\u0131n\u0131 kullanarak sat\u0131\u015fa sunuyoruz.<\/p><p>\u0130lk a\u015famada, birlikte yapaca\u011f\u0131m\u0131z detayl\u0131 bir pazar analizi ile hangi \u00fclkelerin ya da b\u00f6lgelerin sizin \u00fcr\u00fcn ya da hizmetleriniz i\u00e7in en uygun oldu\u011funu belirliyoruz. Hedef pazarlar, sadece b\u00fcy\u00fcme potansiyeline sahip yerler de\u011fil, ayn\u0131 zamanda sizin marka de\u011ferinizle en iyi \u015fekilde \u00f6rt\u00fc\u015fen yerler olacakt\u0131r. Bu s\u00fcre\u00e7te dikkate ald\u0131\u011f\u0131m\u0131z fakt\u00f6rler aras\u0131nda pazar\u0131n talepleri, rekabet durumu, fiyatland\u0131rma stratejileri ve yerel d\u00fczenlemeler yer al\u0131r.<\/p><p>Bu ad\u0131mlardan sonra, hedef pazarlarda do\u011fru stratejiler ile \u00fcr\u00fcn\u00fcn\u00fcz\u00fcn ya da hizmetinizin tan\u0131t\u0131m\u0131n\u0131 ve sat\u0131\u015f\u0131n\u0131 yap\u0131yoruz. \u00dcr\u00fcnlerinizi global pazara adapte edebilmek i\u00e7in gerekirse ambalajlama, etiketleme ve sertifikasyon gibi yerel d\u00fczenlemelere uygun hale getiriyor; sizin yerinize sat\u0131\u015f sonras\u0131 hizmetleri de y\u00f6netiyoruz.<\/p><p>Bu s\u00fcre\u00e7 boyunca size \u015feffaf bir i\u015f modeli sunuyoruz. \u00dcr\u00fcn\u00fcn\u00fcz\u00fcn ya da hizmetinizin hangi pazarlarda nas\u0131l bir ba\u015far\u0131 elde etti\u011fini, talep ve m\u00fc\u015fteri geri bildirimlerini d\u00fczenli olarak raporluyoruz. Amac\u0131m\u0131z, i\u015finizi yaln\u0131zca bir kereye mahsus bir ba\u015far\u0131ya ula\u015ft\u0131rmak de\u011fil, s\u00fcrd\u00fcr\u00fclebilir bir b\u00fcy\u00fcme yakalaman\u0131za yard\u0131mc\u0131 olmakt\u0131r.<\/p><p>Veri taban\u0131m\u0131zda, bir\u00e7ok sekt\u00f6rden, farkl\u0131 \u00fclkelerde faaliyet g\u00f6steren firmalar yer al\u0131yor. \u0130ster spesifik bir \u00fcr\u00fcn aray\u0131\u015f\u0131nda olun, isterse de geni\u015f \u00e7apl\u0131 bir hizmet sat\u0131n almak isteyin, sizin taleplerinize en uygun firmalar\u0131 bulup, aralar\u0131ndaki en iyi teklifi de\u011ferlendirmenize yard\u0131mc\u0131 oluyoruz. Size sundu\u011fumuz bu geni\u015f a\u011f, hem maliyet avantaj\u0131 sa\u011flar hem de kaliteli i\u015f ortaklar\u0131yla \u00e7al\u0131\u015fma imk\u00e2n\u0131 sunar.<\/p><p>Uluslararas\u0131 ticarette ba\u015far\u0131ya ula\u015fmak, do\u011fru i\u015f ortaklar\u0131n\u0131 bulmaktan ge\u00e7er. Biz, sizi k\u00fcresel \u00f6l\u00e7ekte en g\u00fcvenilir firmalarla bir araya getirerek, i\u015fletmenizin b\u00fcy\u00fcmesi i\u00e7in ideal f\u0131rsatlar\u0131 olu\u015fturuyoruz. \u0130htiya\u00e7lar\u0131n\u0131za uygun \u00e7\u00f6z\u00fcmler i\u00e7in bizimle ba\u011flant\u0131ya ge\u00e7in ve i\u015finizi bir sonraki seviyeye ta\u015f\u0131y\u0131n!<\/p>\t\t\t\t\t\t\t\t<\/div>\n\t\t\t\t<\/div>\n\t\t\t\t\t<\/div>\n\t\t<\/div>\n\t\t\t\t\t<\/div>\n\t\t<\/section>\n\t\t<div class=\"elementor-element elementor-element-4f0417d e-flex e-con-boxed e-con e-parent\" data-id=\"4f0417d\" data-element_type=\"container\" data-e-type=\"container\">\n\t\t\t\t\t<div class=\"e-con-inner\">\n\t\t\t\t<div class=\"elementor-element elementor-element-7f46902 elementor-hidden-tablet elementor-hidden-desktop elementor-widget elementor-widget-consua_service_cta\" data-id=\"7f46902\" data-element_type=\"widget\" data-e-type=\"widget\" data-widget_type=\"consua_service_cta.default\">\n\t\t\t\t<div class=\"elementor-widget-container\">\n\t\t\t\t\t    <!-- Start Service CTA\r\n    ============================================= -->\r\n    <div class=\"single-widget bg-dark quick-contact-widget text-light\" style=\"background-image: url(https:\/\/validthemes.net\/themeforest\/wp\/consua\/wp-content\/uploads\/2023\/09\/15.png);\">\r\n        <div class=\"content\">\r\n            <h3>Yard\u0131ma m\u0131 ihtiyac\u0131n\u0131z var?<\/h3>\r\n            <p>\r\n              Size Nas\u0131l Yard\u0131mc\u0131 Olabiliriz. \u0130ster Form Doldur \u0130ster Ara . Her Zaman Bize Ula\u015fabilirisiniz\n\n            <\/p>\r\n            <h3>+90 216 706 18 39<\/h3>            <h2><a href=\"mailto:info@contactturkiye.com\">info@contactturkiye.com<\/a><\/h2>                        \t<a class=\"btn mt-30 circle btn-sm btn-gradient\" href=\"https:\/\/www.contactturkiye.com\/iletisim\/\">Bizimle \u0130leti\u015fime Ge\u00e7<\/a>\r\n        \t        <\/div>\r\n    <\/div>\r\n    <!-- End Service CTA -->\r\n\t\t\t\t\t<\/div>\n\t\t\t\t<\/div>\n\t\t\t\t\t<\/div>\n\t\t\t\t<\/div>\n\t\t\t\t<\/div>\n\t\t","protected":false},"excerpt":{"rendered":"<p>Size \u00d6zel Hizmetlerimiz \u00dcr\u00fcn\u00fcn\u00fcz\u00fc Bize Sat\u0131n Markam\u0131z \u0130\u00e7in \u00dcretin Distrib\u00fct\u00f6r\u00fcn\u00fcz Olal\u0131m Yurt D\u0131\u015f\u0131nda Yerel Ortak Bulal\u0131m Bilgilerinizi Veri Taban\u0131m\u0131za \u0130\u015fleyelim Yard\u0131ma m\u0131 ihtiyac\u0131n\u0131z var? Size Nas\u0131l Yard\u0131mc\u0131 Olabiliriz. \u0130ster Form Doldur \u0130ster Ara . Her Zaman Bize Ula\u015fabilirisiniz +90 216 706 18 39 info@contactturkiye.com Bizimle \u0130leti\u015fime Ge\u00e7 \u00dcr\u00fcn veya hizmetinizi sat\u0131n alarak, belirlenen hedef pazarlarda&#8230;<\/p>\n","protected":false},"author":1,"featured_media":0,"parent":0,"menu_order":0,"comment_status":"closed","ping_status":"closed","template":"elementor_header_footer","meta":{"footnotes":""},"class_list":["post-4548","page","type-page","status-publish","hentry"],"_links":{"self":[{"href":"https:\/\/www.contactturkiye.com\/en\/wp-json\/wp\/v2\/pages\/4548","targetHints":{"allow":["GET"]}}],"collection":[{"href":"https:\/\/www.contactturkiye.com\/en\/wp-json\/wp\/v2\/pages"}],"about":[{"href":"https:\/\/www.contactturkiye.com\/en\/wp-json\/wp\/v2\/types\/page"}],"author":[{"embeddable":true,"href":"https:\/\/www.contactturkiye.com\/en\/wp-json\/wp\/v2\/users\/1"}],"replies":[{"embeddable":true,"href":"https:\/\/www.contactturkiye.com\/en\/wp-json\/wp\/v2\/comments?post=4548"}],"version-history":[{"count":7,"href":"https:\/\/www.contactturkiye.com\/en\/wp-json\/wp\/v2\/pages\/4548\/revisions"}],"predecessor-version":[{"id":5658,"href":"https:\/\/www.contactturkiye.com\/en\/wp-json\/wp\/v2\/pages\/4548\/revisions\/5658"}],"wp:attachment":[{"href":"https:\/\/www.contactturkiye.com\/en\/wp-json\/wp\/v2\/media?parent=4548"}],"curies":[{"name":"wp","href":"https:\/\/api.w.org\/{rel}","templated":true}]}}